{"id":9695,"date":"2024-09-04T00:46:42","date_gmt":"2024-09-03T21:46:42","guid":{"rendered":"https:\/\/www.alapalaacademy.com\/prof-dr-secil-uzel\/"},"modified":"2026-04-03T18:17:44","modified_gmt":"2026-04-03T15:17:44","slug":"prof-dr-secil-uzel","status":"publish","type":"page","link":"https:\/\/www.alapalaacademy.com\/tr\/prof-dr-secil-uzel\/","title":{"rendered":"Do\u00e7. Dr. Se\u00e7il UZEL"},"content":{"rendered":"\t\t<div data-elementor-type=\"wp-page\" data-elementor-id=\"9695\" class=\"elementor elementor-9695 elementor-8516\">\n\t\t\t\t\t\t<section class=\"elementor-section elementor-top-section elementor-element elementor-element-66bd8ce elementor-section-full_width qodef-elementor-content-grid elementor-section-height-default elementor-section-height-default\" data-id=\"66bd8ce\" data-element_type=\"section\" data-e-type=\"section\" data-settings=\"{&quot;background_background&quot;:&quot;classic&quot;}\">\n\t\t\t\t\t\t<div class=\"elementor-container elementor-column-gap-default\">\n\t\t\t\t\t<div class=\"elementor-column elementor-col-100 elementor-top-column elementor-element elementor-element-a372646\" data-id=\"a372646\" data-element_type=\"column\" data-e-type=\"column\">\n\t\t\t<div class=\"elementor-widget-wrap elementor-element-populated\">\n\t\t\t\t\t\t<div class=\"elementor-element elementor-element-054ecb1 elementor-hidden-mobile elementor-widget elementor-widget-coachfocus_core_custom_font\" data-id=\"054ecb1\" data-element_type=\"widget\" data-e-type=\"widget\" data-widget_type=\"coachfocus_core_custom_font.default\">\n\t\t\t\t<div class=\"elementor-widget-container\">\n\t\t\t\t\t<h1 class=\"qodef-shortcode qodef-m  qodef-custom-font qodef-custom-font-803 qodef-layout--simple\" style=\"font-family: Gilda Display;font-size: 36px;line-height: 45px;font-weight: 400\">Dr. Se\u00e7il UZEL, Alapala Akademisi'nde m\u00fcd\u00fcr olarak g\u00f6rev yapmaktad\u0131r ve burada de\u011firmencilik sekt\u00f6r\u00fcnde yetenekli profesyoneller yeti\u015ftirmeyi ama\u00e7layan e\u011fitim programlar\u0131n\u0131 denetlemektedir.<\/h1>\n\t\t\t\t<\/div>\n\t\t\t\t<\/div>\n\t\t\t\t<div class=\"elementor-element elementor-element-d0b60d7 elementor-hidden-desktop elementor-hidden-tablet elementor-widget elementor-widget-coachfocus_core_custom_font\" data-id=\"d0b60d7\" data-element_type=\"widget\" data-e-type=\"widget\" data-widget_type=\"coachfocus_core_custom_font.default\">\n\t\t\t\t<div class=\"elementor-widget-container\">\n\t\t\t\t\t<h1 class=\"qodef-shortcode qodef-m  qodef-custom-font qodef-custom-font-356 qodef-layout--simple\" style=\"font-family: Gilda Display;font-size: 20px;line-height: 28px;font-weight: 400\">Dr. Se\u00e7il UZEL serves as the Supervisor of Alapala Academy, where they oversee educational programs aimed at developing skilled professionals in the milling industry.<\/h1>\n\t\t\t\t<\/div>\n\t\t\t\t<\/div>\n\t\t\t\t<section class=\"elementor-section elementor-inner-section elementor-element elementor-element-62e82c6 elementor-section-full_width elementor-section-height-default elementor-section-height-default qodef-elementor-content-no\" data-id=\"62e82c6\" data-element_type=\"section\" data-e-type=\"section\">\n\t\t\t\t\t\t<div class=\"elementor-container elementor-column-gap-default\">\n\t\t\t\t\t<div class=\"elementor-column elementor-col-50 elementor-inner-column elementor-element elementor-element-04ff5a1\" data-id=\"04ff5a1\" data-element_type=\"column\" data-e-type=\"column\">\n\t\t\t<div class=\"elementor-widget-wrap elementor-element-populated\">\n\t\t\t\t\t\t<div class=\"elementor-element elementor-element-43e3e80 elementor-widget elementor-widget-image\" data-id=\"43e3e80\" data-element_type=\"widget\" data-e-type=\"widget\" data-widget_type=\"image.default\">\n\t\t\t\t<div class=\"elementor-widget-container\">\n\t\t\t\t\t\t\t\t\t\t\t\t\t\t\t<img fetchpriority=\"high\" decoding=\"async\" width=\"545\" height=\"725\" src=\"https:\/\/www.alapalaacademy.com\/wp-content\/uploads\/2024\/09\/SECIL-TURKSOY.jpg\" class=\"attachment-large size-large wp-image-9402\" alt=\"\" srcset=\"https:\/\/www.alapalaacademy.com\/wp-content\/uploads\/2024\/09\/SECIL-TURKSOY.jpg 545w, https:\/\/www.alapalaacademy.com\/wp-content\/uploads\/2024\/09\/SECIL-TURKSOY-226x300.jpg 226w\" sizes=\"(max-width: 545px) 100vw, 545px\" \/>\t\t\t\t\t\t\t\t\t\t\t\t\t\t\t<\/div>\n\t\t\t\t<\/div>\n\t\t\t\t\t<\/div>\n\t\t<\/div>\n\t\t\t\t<div class=\"elementor-column elementor-col-50 elementor-inner-column elementor-element elementor-element-d77b1b5\" data-id=\"d77b1b5\" data-element_type=\"column\" data-e-type=\"column\">\n\t\t\t<div class=\"elementor-widget-wrap elementor-element-populated\">\n\t\t\t\t\t\t<div class=\"elementor-element elementor-element-c3fab87 elementor-widget elementor-widget-coachfocus_core_section_title\" data-id=\"c3fab87\" data-element_type=\"widget\" data-e-type=\"widget\" data-widget_type=\"coachfocus_core_section_title.default\">\n\t\t\t\t<div class=\"elementor-widget-container\">\n\t\t\t\t\t<div class=\"qodef-shortcode qodef-m  qodef-section-title qodef-alignment--left \">\n\t\t<h3 class=\"qodef-m-title\" >\n\t\t\t\t\tDo\u00e7. Dr. Se\u00e7il UZEL\t\t\t<\/h3>\n\t<\/div>\n\t\t\t\t<\/div>\n\t\t\t\t<\/div>\n\t\t\t\t<div class=\"elementor-element elementor-element-9f0dc6f elementor-widget elementor-widget-coachfocus_core_section_title\" data-id=\"9f0dc6f\" data-element_type=\"widget\" data-e-type=\"widget\" data-widget_type=\"coachfocus_core_section_title.default\">\n\t\t\t\t<div class=\"elementor-widget-container\">\n\t\t\t\t\t<div class=\"qodef-shortcode qodef-m  qodef-section-title qodef-alignment--left \">\n\t\t<h5 class=\"qodef-m-title\" >\n\t\t\t\t\tAkademik Dan\u0131\u015fman &amp; E\u011fitmen\t\t\t<\/h5>\n\t<\/div>\n\t\t\t\t<\/div>\n\t\t\t\t<\/div>\n\t\t\t\t<div class=\"elementor-element elementor-element-b372a4f elementor-widget elementor-widget-text-editor\" data-id=\"b372a4f\" data-element_type=\"widget\" data-e-type=\"widget\" data-widget_type=\"text-editor.default\">\n\t\t\t\t<div class=\"elementor-widget-container\">\n\t\t\t\t\t\t\t\t\t<p>Dr. UZEL, Alapala Akademi&#8217;deki g\u00f6revinin yan\u0131 s\u0131ra Hitit \u00dcniversitesi G\u0131da M\u00fchendisli\u011fi B\u00f6l\u00fcm\u00fc&#8217;nde Do\u00e7ent olarak g\u00f6rev yapmaktad\u0131r. Ara\u015ft\u0131rmalar\u0131 bu\u011fday \u00f6\u011f\u00fctme teknolojisi, hamur reolojisi, bu\u011fday kimyas\u0131 ve tah\u0131llar\u0131n kalite kontrol\u00fc ve g\u00fcvenli\u011fi \u00fczerine odaklanmaktad\u0131r. <\/p>\t\t\t\t\t\t\t\t<\/div>\n\t\t\t\t<\/div>\n\t\t\t\t<div class=\"elementor-element elementor-element-ada47a7 elementor-widget elementor-widget-text-editor\" data-id=\"ada47a7\" data-element_type=\"widget\" data-e-type=\"widget\" data-widget_type=\"text-editor.default\">\n\t\t\t\t<div class=\"elementor-widget-container\">\n\t\t\t\t\t\t\t\t\t<p>Dr. Uzel&#8217;in alana yapt\u0131\u011f\u0131 katk\u0131lar, \u00e7ok say\u0131da yay\u0131n\u0131 ve sekt\u00f6r konferanslar\u0131 ile seminerlerine aktif kat\u0131l\u0131m\u0131yla geni\u015f \u00e7apta kabul g\u00f6rmektedir.<\/p><p>G\u0131da m\u00fchendisli\u011fi ve de\u011firmen teknolojisi alan\u0131nda 22 y\u0131ll\u0131k kapsaml\u0131 uzmanl\u0131\u011f\u0131yla Dr. Uzel, ara\u015ft\u0131rma, e\u011fitim ve uygulamal\u0131 e\u011fitim yoluyla sekt\u00f6r bilgisini geli\u015ftirmeye kendini adam\u0131\u015ft\u0131r. Uzel&#8217;in \u00e7al\u0131\u015fmalar\u0131, akademik ara\u015ft\u0131rma ile end\u00fcstriyel uygulama aras\u0131ndaki bo\u015flu\u011fu doldurarak g\u0131da m\u00fchendisli\u011fi ve un de\u011firmeni y\u00f6netimi alan\u0131na \u00f6nemli katk\u0131lar sa\u011flamaktad\u0131r.<\/p><p>Dr. Uzel&#8217;in sorumluluklar\u0131 aras\u0131nda; tah\u0131l \u00f6\u011f\u00fctme teknolojisinde e\u011fitim programlar\u0131 tasarlamak ve g\u00fcncellemek, \u00f6\u011frencilerin ve profesyonellerin \u00f6\u011f\u00fctme ekipman\u0131 ve teknikleriyle uygulamal\u0131 deneyim kazand\u0131klar\u0131 kapsaml\u0131 laboratuvar e\u011fitimlerini denetlemek ve y\u00fcr\u00fctmek, s\u00fcrekli \u00f6\u011frenme ve yenilik ortam\u0131n\u0131 te\u015fvik etmek ve tah\u0131l \u00f6\u011f\u00fctmede yeni teknolojileri ve y\u00f6ntemleri ke\u015ffeden ara\u015ft\u0131rma projelerine liderlik etmek ve alan\u0131 ilerletmek i\u00e7in end\u00fcstri uzmanlar\u0131 ve akademik kurumlarla ortakl\u0131klar kurmak yer almaktad\u0131r.<\/p>\t\t\t\t\t\t\t\t<\/div>\n\t\t\t\t<\/div>\n\t\t\t\t\t<\/div>\n\t\t<\/div>\n\t\t\t\t\t<\/div>\n\t\t<\/section>\n\t\t\t\t\t<\/div>\n\t\t<\/div>\n\t\t\t\t\t<\/div>\n\t\t<\/section>\n\t\t\t\t<\/div>\n\t\t","protected":false},"excerpt":{"rendered":"<p>Dr. Se\u00e7il UZEL, Alapala Akademisi&#8217;nde m\u00fcd\u00fcr olarak g\u00f6rev yapmaktad\u0131r ve burada de\u011firmencilik sekt\u00f6r\u00fcnde yetenekli profesyoneller yeti\u015ftirmeyi ama\u00e7layan e\u011fitim programlar\u0131n\u0131 denetlemektedir. Dr. Se\u00e7il UZEL serves as the Supervisor of Alapala Academy, where they oversee educational programs aimed at developing skilled professionals in the milling industry. Do\u00e7. Dr. Se\u00e7il UZEL Akademik Dan\u0131\u015fman &amp; E\u011fitmen Dr. UZEL, Alapala [&hellip;]<\/p>\n","protected":false},"author":1,"featured_media":9382,"parent":0,"menu_order":0,"comment_status":"closed","ping_status":"closed","template":"page-full-width.php","meta":{"_acf_changed":false,"footnotes":""},"class_list":["post-9695","page","type-page","status-publish","has-post-thumbnail","hentry"],"acf":[],"_links":{"self":[{"href":"https:\/\/www.alapalaacademy.com\/tr\/wp-json\/wp\/v2\/pages\/9695","targetHints":{"allow":["GET"]}}],"collection":[{"href":"https:\/\/www.alapalaacademy.com\/tr\/wp-json\/wp\/v2\/pages"}],"about":[{"href":"https:\/\/www.alapalaacademy.com\/tr\/wp-json\/wp\/v2\/types\/page"}],"author":[{"embeddable":true,"href":"https:\/\/www.alapalaacademy.com\/tr\/wp-json\/wp\/v2\/users\/1"}],"replies":[{"embeddable":true,"href":"https:\/\/www.alapalaacademy.com\/tr\/wp-json\/wp\/v2\/comments?post=9695"}],"version-history":[{"count":0,"href":"https:\/\/www.alapalaacademy.com\/tr\/wp-json\/wp\/v2\/pages\/9695\/revisions"}],"wp:featuredmedia":[{"embeddable":true,"href":"https:\/\/www.alapalaacademy.com\/tr\/wp-json\/wp\/v2\/media\/9382"}],"wp:attachment":[{"href":"https:\/\/www.alapalaacademy.com\/tr\/wp-json\/wp\/v2\/media?parent=9695"}],"curies":[{"name":"wp","href":"https:\/\/api.w.org\/{rel}","templated":true}]}}